{"id":1785,"date":"2015-06-30T14:50:07","date_gmt":"2015-06-30T19:50:07","guid":{"rendered":"https:\/\/21stcenturyartivism.sites.carleton.edu\/?page_id=1785"},"modified":"2023-03-15T18:05:36","modified_gmt":"2023-03-15T18:05:36","slug":"jorge-riechmann-original-works","status":"publish","type":"page","link":"https:\/\/21stcenturyartivism.sites.carleton.edu\/en\/jorge-riechmann-original-works\/","title":{"rendered":"Jorge Riechmann &#8211; Original Works"},"content":{"rendered":"<h3 style=\"text-align: left;\">Poesia &#8211; Poetry<\/h3>\n<ul>\n<li style=\"text-align: left;\">\n<h5>Riechmann, Jorge. <em>C\u00e1ntico de la erosi\u00f3n<\/em>. Madrid: Hiperi\u00f3n, 1987. Print.<\/h5>\n<\/li>\n<li style=\"text-align: left;\">\n<h5>Riechmann, Jorge.<em> Cuaderno de Berl\u00edn<\/em>. Madrid: Hiperi\u00f3n, 1989. Print.<\/h5>\n<\/li>\n<li style=\"text-align: left;\">\n<h5>Riechmann, Jorge.<em>\u00a0Material m\u00f3vil, <\/em>precedido de<em>\u00a027 maneras de responder a un golpe<\/em>. Madrid: Libertarias, 1993. Print.<\/h5>\n<\/li>\n<li style=\"text-align: left;\">\n<h5>Riechmann, Jorge. <a href=\"http:\/\/www.nodo50.org\/mlrs\/Biblioteca\/riechm\/PIEL.pdf\" target=\"_blank\" rel=\"noopener noreferrer\"><em>El corte bajo la piel<\/em><\/a>. Madrid: Bit\u00e1cora, 1994. Print.<\/h5>\n<\/li>\n<li style=\"text-align: left;\">\n<h5>Riechmann, Jorge.<em>\u00a0Baila con un extranjero<\/em>. Madrid: Hiperi\u00f3n, 1994. Print.<\/h5>\n<\/li>\n<li style=\"text-align: left;\">\n<h5>Riechmann, Jorge.<em>\u00a0Amarte sin regreso (poes\u00eda amorosa 1981-1994)<\/em>. Madrid: Hiperi\u00f3n, 1995. Print.<\/h5>\n<\/li>\n<li style=\"text-align: left;\">\n<h5>Riechmann, Jorge.<em>\u00a0La lengua de la muerte<\/em>.<em>\u00a0<\/em>Villafranca del Bierzo:\u00a0<abbr title=\"colecci\u00f3n\">col.<\/abbr>\u00a0Calle del Agua, 1997. Print.<\/h5>\n<\/li>\n<li style=\"text-align: left;\">\n<h5>Riechmann, Jorge.\u00a0<em>Donde es posible la vida<\/em>. Cuadernos Hispanoamericanos 536, 1995. Print.<\/h5>\n<\/li>\n<li style=\"text-align: left;\">\n<h5>Riechmann, Jorge.<em>\u00a0El d\u00eda que dej\u00e9 de leer EL PA\u00cdS<\/em>. Madrid: Hiperi\u00f3n, 1997. Print.<\/h5>\n<\/li>\n<li style=\"text-align: left;\">\n<h5>Riechmann, Jorge.<em>\u00a0Muro con inscripciones<\/em>. Barcelona: DVD, 2000. Print.<\/h5>\n<\/li>\n<li style=\"text-align: left;\">\n<h5>Riechmann, Jorge.<em>\u00a0Trabajo temporal<\/em>. B\u00e9jar: lf ediciones, 2000. Print.<\/h5>\n<\/li>\n<li style=\"text-align: left;\">\n<h5>Riechmann, Jorge.<em>\u00a0<a href=\"http:\/\/www.nodo50.org\/mlrs\/Biblioteca\/riechm\/estacion.pdf\" target=\"_blank\" rel=\"noopener noreferrer\">La estaci\u00f3n vac\u00eda<\/a><\/em>. Alzira: German\u00eda, 2000. Print.<\/h5>\n<\/li>\n<li style=\"text-align: left;\">\n<h5>Riechmann, Jorge.<em>\u00a0Desandar lo andado<\/em>. Madrid: Hiperi\u00f3n, 2001. Print.<\/h5>\n<\/li>\n<li style=\"text-align: left;\">\n<h5>Riechmann, Jorge.<em>\u00a0Poema de uno que pasa<\/em>. Valladolid: Fundaci\u00f3n Jorge Guill\u00e9n, 2002. Print.<\/h5>\n<\/li>\n<li style=\"text-align: left;\">\n<h5>Riechmann, Jorge.<em>\u00a0Un zumbido cercano<\/em>. Madrid: Calambur, 2003. Print.<\/h5>\n<\/li>\n<li style=\"text-align: left;\">\n<h5>Riechmann, Jorge.<em>\u00a0Anciano ya y nonato todav\u00eda<\/em>. Tegueste: Baile del Sol, 2004. Print.<\/h5>\n<\/li>\n<li style=\"text-align: left;\">\n<h5>Riechmann, Jorge.<em>\u00a0Ah\u00ed te quiero ver<\/em>. Barcelona: Icaria, 2005. Print.<\/h5>\n<\/li>\n<li style=\"text-align: left;\">\n<h5>Riechmann, Jorge.<em>\u00a0Poes\u00eda desabrigada<\/em>. Tenerife: Idea, 2006. Print.<\/h5>\n<\/li>\n<li style=\"text-align: left;\">\n<h5>Riechmann, Jorge.<em>\u00a0Conversaciones entre alquimistas<\/em>. Barcelona: Tusquets, 2007. Print.<\/h5>\n<\/li>\n<li style=\"text-align: left;\">\n<h5>Riechmann, Jorge. <em>Con los ojos abiertos,\u00a0antolog\u00eda de \u201cecopoemas\u201d 1985-2006<\/em>. Tegueste: Baile del Sol, 2007.\u00a0Print.<\/h5>\n<\/li>\n<li style=\"text-align: left;\">\n<h5>Riechmann, Jorge. <em>Tr\u00e1nsitos, antolog\u00eda po\u00e9tica 1981-2006<\/em>. Ayamonte: Crecida, 2007.\u00a0Print.<\/h5>\n<\/li>\n<li style=\"text-align: left;\">\n<h5>Riechmann, Jorge. <em>Como se arriman las salamanquesas<\/em>. M\u00e1laga: Publicaciones de la Antigua Imprenta Sur, 2007.\u00a0Print.<\/h5>\n<\/li>\n<li style=\"text-align: left;\">\n<h5>Riechmann, Jorge. <em>Puente de hielo<\/em>. Zaragoza:\u00a0Eclipsados\/ Librer\u00eda C\u00e1lamo, 2008.\u00a0Print.<\/h5>\n<\/li>\n<li style=\"text-align: left;\">\n<h5>Riechmann, Jorge. <em>Rengo Wrongo<\/em>. Barcelona: DVD, 2008.\u00a0Print.<\/h5>\n<\/li>\n<li style=\"text-align: left;\">\n<h5>Riechmann, Jorge. <em>Pablo Neruda y una familia de lobos<\/em>. Santander: col. La Gr\u00faa de Piedra, Cre\u00e1tica Eds., 2010.\u00a0Print.<\/h5>\n<\/li>\n<li style=\"text-align: left;\">\n<h5>Riechmann, Jorge. <em>Las artes de lo imposible<\/em>. Valencia: Azotes Caligr\u00e1ficos, 2010.\u00a0Print.<\/h5>\n<\/li>\n<li style=\"text-align: left;\">\n<h5>Riechmann, Jorge. <em>Futuralgia, poes\u00eda reunida 1979-2000<\/em>. Calambur, Madrid 2011).\u00a0Print.<\/h5>\n<\/li>\n<li style=\"text-align: left;\">\n<h5>Riechmann, Jorge. <em>El com\u00fan de los mortales<\/em> Barcelona:Tusquets 2011. Print.<\/h5>\n<\/li>\n<li style=\"text-align: left;\">\n<h5>Riechmann, Jorge.\u00a0<em>Poemas lisiados<\/em>. Madrid: La Oveja Roja, 2012. Print.<\/h5>\n<\/li>\n<\/ul>\n<h3 style=\"text-align: left;\">Traducciones &#8211; Translations<\/h3>\n<ul>\n<li style=\"text-align: left;\">\n<h5>Char, Ren\u00e9.\u00a0<em>La palabra en archipi\u00e9lago<\/em>. Madrid: Hiperi\u00f3n, 1986. Print.<\/h5>\n<\/li>\n<li style=\"text-align: left;\">\n<h5>Henri Michaux.\u00a0<em>Adversidades, exorcismos<\/em>, Madrid, C\u00e1tedra, 1988.\u00a0Print.<\/h5>\n<\/li>\n<li style=\"text-align: left;\">\n<h5>Von Kleist, Heinrich.\u00a0<em>Sobre el teatro de marionetas y otros ensayos de arte y filosof\u00eda<\/em>. Madrid: Hiperi\u00f3n, 1989.\u00a0Print.<\/h5>\n<\/li>\n<li style=\"text-align: left;\">\n<h5>M\u00fcller, Heiner.\u00a0<em>Camino de Wolokolamsk \/ La misi\u00f3n<\/em>. Madrid: Publicaciones de la Asociaci\u00f3n de Directores de Escena, 1989.\u00a0Print.<\/h5>\n<\/li>\n<li style=\"text-align: left;\">\n<h5>M\u00fcller, Heiner.\u00a0<em>Teatro escogido<\/em>. Madrid: Primer Acto, 1990.\u00a0Print.M\u00fcller, Heiner, Christoph Hein, Volker Braun and Peter Hacks,\u00a0<em>Teatro contempor\u00e1neo de la Rep\u00fablica Democr\u00e1tica Alemana<\/em>. Madrid: VOSA, 1990.\u00a0Print.<\/h5>\n<\/li>\n<li style=\"text-align: left;\">\n<h5>Hein, Christoph.\u00a0<em>El final de Horn<\/em>. Madrid: Alfaguara, 1990.\u00a0Print.<\/h5>\n<\/li>\n<li style=\"text-align: left;\">\n<h5>Char, Ren\u00e9.\u00a0<em>Antolog\u00eda esencial<\/em>. Pamplona: Pamiela, 1992.\u00a0Print.<\/h5>\n<\/li>\n<li style=\"text-align: left;\">\n<h5>Char, Ren\u00e9.\u00a0<em>El desnudo perdido<\/em>. Madrid: Hiperi\u00f3n, 1995.\u00a0Print.<\/h5>\n<\/li>\n<li style=\"text-align: left;\">\n<h5>M\u00fcller, Heiner.\u00a0<em>Germania. Muerte en Berl\u00edn y otros textos<\/em>. Fuenterrab\u00eda: Hiru, 1996.\u00a0Print.<\/h5>\n<\/li>\n<li style=\"text-align: left;\">\n<h5>Char, Ren\u00e9.\u00a0<em>Indagaci\u00f3n de la base y de la cima<\/em>. Madrid: \u00c1rdora, 1999.\u00a0Print.<\/h5>\n<\/li>\n<li style=\"text-align: left;\">\n<h5>Char, Ren\u00e9.\u00a0<em>Furor y misterio<\/em>. Madrid: Visor, 2002.\u00a0Print.<\/h5>\n<\/li>\n<li style=\"text-align: left;\">\n<h5>Char, Ren\u00e9.\u00a0<em>Poes\u00eda esencial <\/em>(includes<em>\u00a0<\/em><em>Furor y misterio<\/em>,\u00a0<em>Los Matinales<\/em>\u00a0y\u00a0<em>Aromas cazadores<\/em>). Barcelona: Galaxia Gutenberg \/ C\u00edrculo de Lectores, 2005.\u00a0Print.<\/h5>\n<\/li>\n<li style=\"text-align: left;\">\n<h5>Fried, Erich.\u00a0<em>Amor, duelo, contradicciones<\/em>. Madrid: Losada, 2005.\u00a0Print.<\/h5>\n<\/li>\n<li style=\"text-align: left;\">\n<h5>Char, Ren\u00e9. <em>Cantos de la Balandrane<\/em>. Barcelona: Icaria, 2011. Print.<\/h5>\n<\/li>\n<\/ul>\n<h3 style=\"text-align: left;\">Ensayo de\u00a0po\u00e9tica y reflexi\u00f3n est\u00e9tica\u00a0&#8211;\u00a0Essay on poetics and aesthetic reflection<\/h3>\n<ul>\n<li style=\"text-align: left;\">\n<h5>Riechmann, Jorge.<em>\u00a0Exploraci\u00f3n del archipi\u00e9lago. Un acercamiento a Ren\u00e9 Char<\/em>. Madrid: Hiperi\u00f3n, 1986.\u00a0Print.<\/h5>\n<\/li>\n<li style=\"text-align: left;\">\n<h5>Riechmann, Jorge.<em>\u00a0<a href=\"http:\/\/www.biblioteca.org.ar\/LIBROS\/133064.pdf\" target=\"_blank\" rel=\"noopener noreferrer\">Poes\u00eda practicable<\/a><\/em>. Madrid: Hiperi\u00f3n, 1990.\u00a0Print.<\/h5>\n<\/li>\n<li style=\"text-align: left;\">\n<h5>Riechmann, Jorge.<em>\u00a0Canciones allende lo humano<\/em>. Madrid: Hiperi\u00f3n, 1998.\u00a0Print.<\/h5>\n<\/li>\n<li style=\"text-align: left;\">\n<h5>Riechmann, Jorge.<em>\u00a0Una morada en el aire<\/em>. Madrid: Libros de El Viejo Topo, 2003.\u00a0Print.<\/h5>\n<\/li>\n<li style=\"text-align: left;\">\n<h5>Riechmann, Jorge.<em>\u00a0Resistencia de materiales<\/em>. Barcelona: Montesinos, 2006.\u00a0Print.<\/h5>\n<\/li>\n<li style=\"text-align: left;\">\n<h5>Riechmann, Jorge.<em>\u00a0Bailar sobre una baldosa<\/em>. Madrid: Autor-Editor, 2008 Print.<\/h5>\n<\/li>\n<\/ul>\n<h3>Ensayo de pol\u00edtica, sociolog\u00eda y filosof\u00eda &#8211; Essay on politics, sociology and philosophy<\/h3>\n<ul>\n<li style=\"text-align: left;\">\n<h5>Riechmann, Jorge.<em>\u00a0\u00bfProblemas con los frenos de emergencia? Movimientos ecologistas y partidos verdes en Alemania, Holanda y Francia<\/em>. Madrid: Revoluci\u00f3n, 1991.\u00a0Print.<\/h5>\n<\/li>\n<li style=\"text-align: left;\">\n<h5>Riechmann, Jorge.<em>\u00a0Los Verdes alemanes: historia y an\u00e1lisis de un experimento ecopacifista a finales del siglo XX<\/em>. Granada: Comares, 1994.\u00a0Print.<\/h5>\n<\/li>\n<li style=\"text-align: left;\">\n<h5>Riechmann, Jorge and Francisco Fern\u00e1ndez Buey.\u00a0<em>Redes que dan libertad. Introducci\u00f3n a los nuevos movimientos sociales<\/em>. Barcelona: Paid\u00f3s, 1994.\u00a0Print.<\/h5>\n<\/li>\n<li style=\"text-align: left;\">\n<h5>Riechmann, Jorge et al.\u00a0<em>De la econom\u00eda a la ecolog\u00eda<\/em>. Madrid: Trotta, 1995.\u00a0Print.<\/h5>\n<\/li>\n<li style=\"text-align: left;\">\n<h5>Riechmann, Jorge and Jes\u00fas Moster\u00edn.\u00a0<em>Animales y ciudadanos. Indagaci\u00f3n sobre el lugar de los animales en la moral y el derecho de las sociedades industrializadas<\/em>. Madrid: Talasa, 1995.\u00a0Print.<\/h5>\n<\/li>\n<li style=\"text-align: left;\">\n<h5>Riechmann, Jorge and Francisco Fern\u00e1ndez Buey.\u00a0<em>Ni tribunos. Ideas y materiales para un programa ecosocialista<\/em>. Madrid: Siglo\u00a0<abbr title=\"veintiuno\">XXI<\/abbr>, 1996.\u00a0Print.<\/h5>\n<\/li>\n<li style=\"text-align: left;\">\n<h5>Riechmann, Jorge. \u00ab<a href=\"http:\/\/revistas.ucm.es\/index.php\/POSO\/article\/view\/POSO9696330013A\/25291\" target=\"_blank\" rel=\"noopener noreferrer\">Nuestra normalidad es la cat\u00e1strofe.<\/a>\u00bb <em>Pol\u00edtica y sociedad<\/em>\u00a023. (1996): 13-31. <em>Universidad de Barcelona<\/em>. Web. 28 Nov. 2015.<\/h5>\n<\/li>\n<li style=\"text-align: left;\">\n<h5>Riechmann, Jorge and Albert Recio.\u00a0<em>Quien parte y reparte\u2026 El debate sobre la reducci\u00f3n del tiempo de trabajo<\/em>. Barcelona: Icaria, 1997.\u00a0Print.<\/h5>\n<\/li>\n<li style=\"text-align: left;\">\n<h5>Riechmann, Jorge and Alicia Dur\u00e1n, coords.\u00a0<em>Genes en el laboratorio y en la f\u00e1brica<\/em>. Madrid: Trotta, 1998.\u00a0Print.<\/h5>\n<\/li>\n<li style=\"text-align: left;\">\n<h5>Riechmann, Jorge, coord.\u00a0<a href=\"http:\/\/pendientedemigracion.ucm.es\/info\/teoriasc\/NECESIDADES%20BASICAS.pdf\" target=\"_blank\" rel=\"noopener noreferrer\"><em>Necesitar, desear, vivir. Sobre necesidades, desarrollo humano, crecimiento econ\u00f3mico y sustentabilidad<\/em><\/a>. Madrid: Los Libros de la Catarata, 1998.\u00a0Print.<\/h5>\n<\/li>\n<li style=\"text-align: left;\">\n<h5>Riechmann, Jorge and Francisco Fern\u00e1ndez Buey.\u00a0<em>Trabajar sin destruir. Trabajadores, sindicatos y ecolog\u00eda<\/em>. Madrid: HOAC, 1998.\u00a0Print.<\/h5>\n<\/li>\n<li style=\"text-align: left;\">\n<h5>Riechmann, Jorge.<em>\u00a0Argumentos recombinantes. Sobre cultivos y alimentos transg\u00e9nicos<\/em>. Madrid: Los Libros de la Catarata, 1999.\u00a0Print.<\/h5>\n<\/li>\n<li style=\"text-align: left;\">\n<h5>Riechmann, Jorge.<em>\u00a0Cultivos y alimentos transg\u00e9nicos: una gu\u00eda cr\u00edtica<\/em>. Madrid: Los Libros de la Catarata, 2000 [new expanded and revised edition\u00a0in Bogot\u00e1: Pensamiento Cr\u00edtico, 2004].\u00a0Print.<\/h5>\n<\/li>\n<li style=\"text-align: left;\">\n<h5>Riechmann, Jorge.<em>\u00a0Un mundo vulnerable. Ensayos sobre ecolog\u00eda, \u00e9tica y tecnociencia<\/em>. Madrid: Los Libros de la Catarata, 2000 [second\u00a0edition, 2005].\u00a0Print.<\/h5>\n<\/li>\n<li style=\"text-align: left;\">\n<h5>Riechmann, Jorge and Joaquim Sempere.\u00a0<em>Sociolog\u00eda y medio ambiente<\/em>. Madrid: S\u00edntesis, 2000.\u00a0Print.<\/h5>\n<\/li>\n<li style=\"text-align: left;\">\n<h5>Riechmann, Jorge.<em>\u00a0Todo tiene un l\u00edmite. Ecolog\u00eda y transformaci\u00f3n social<\/em>. Madrid: Debate, 2001.\u00a0Print.<\/h5>\n<\/li>\n<li style=\"text-align: left;\">\n<h5>Riechmann, Jorge.<em>\u00a0Qu\u00e9 son los alimentos transg\u00e9nicos<\/em>. Barcelona: Integral \/ RBA, 2002.\u00a0Print.<\/h5>\n<\/li>\n<li style=\"text-align: left;\">\n<h5>Riechmann, Jorge and Joel Tickner, coords.\u00a0<a href=\"http:\/\/www.istas.ccoo.es\/descargas\/Introducci\u00f3n%20al%20Principio%20de%20Precauci\u00f3n.%20Jorge%20Riechmann.pdf\" target=\"_blank\" rel=\"noopener noreferrer\"><em>El principio de precauci\u00f3n<\/em><\/a>. Barcelona: Icaria, 2002.\u00a0Print.<\/h5>\n<\/li>\n<li style=\"text-align: left;\">\n<h5>Riechmann, Jorge et al.\u00a0<em>Industria como naturaleza. Hacia la producci\u00f3n limpia<\/em>. Madrid: Los Libros de la Catarata, 2003.\u00a0Print.<\/h5>\n<\/li>\n<li style=\"text-align: left;\">\n<h5>Riechmann, Jorge.<em>\u00a0Cuidar la T(t)ierra. Pol\u00edticas agrarias y alimentarias sostenibles para entrar en el siglo XXI<\/em>. Barcelona: Icaria, 2003.\u00a0Print.<\/h5>\n<\/li>\n<li style=\"text-align: left;\">\n<h5>Riechmann, Jorge.<em>\u00a0Todos los animales somos hermanos<\/em>. Granada: Universidad de Granada, 2003 [second\u00a0edition\u00a0in Madrid: Los Libros de la Catarata, 2005].\u00a0Print.<\/h5>\n<\/li>\n<li style=\"text-align: left;\">\n<h5>Riechmann, Jorge, Joaqu\u00edn Nieto et\u00a0al.\u00a0<em>Sustentabilidad y globalizaci\u00f3n. Flujos monetarios, de energ\u00eda y de materiales<\/em>. Alzira: German\u00eda, 2003.\u00a0Print.<\/h5>\n<\/li>\n<li style=\"text-align: left;\">\n<h5>Riechmann, Jorge.<em>\u00a0Gente que no quiere viajar a Marte. Ensayos sobre ecolog\u00eda, \u00e9tica y autolimitaci\u00f3n<\/em>. Madrid: Los Libros de la Catarata, 2003.\u00a0Print.<\/h5>\n<\/li>\n<li style=\"text-align: left;\">\n<h5>Riechmann, Jorge.<em>\u00a0Un adi\u00f3s para los astronautas<\/em>. Lanzarote: Fundaci\u00f3n C\u00e9sar Manrique, 2004.\u00a0Print.<\/h5>\n<\/li>\n<li style=\"text-align: left;\">\n<h5><abbr title=\"coordinador\">Riechmann, Jorge, coord.<\/abbr>\u00a0<em>\u00c9tica ecol\u00f3gica: propuestas para una reorientaci\u00f3n<\/em>. Montevideo: Nordan, 2004.\u00a0Print.<\/h5>\n<\/li>\n<li style=\"text-align: left;\">\n<h5>Riechmann, Jorge.<em>\u00a0Transg\u00e9nicos: el haz y el env\u00e9s<\/em>. Madrid: Los Libros de la Catarata, 2004.\u00a0Print.<\/h5>\n<\/li>\n<li style=\"text-align: left;\">\n<h5>Riechmann, Jorge,\u00a0Luis Jim\u00e9nez Herrero and Antonio G\u00f3mez Sal, coords.\u00a0<em>Sostenibilidad en Espa\u00f1a 2005 \u2014Informe de primavera<\/em>. Alcal\u00e1 de Henares: OSE (Observatorio de la Sostenibilidad en Espa\u00f1a), 2005. Print.<\/h5>\n<\/li>\n<li style=\"text-align: left;\">\n<h5>Riechmann, Jorge.<em>\u00a0Comerse el mundo. Sobre ecolog\u00eda, \u00e9tica y dieta.\u00a0<\/em>M\u00e1laga: Ediciones del Genal, 2005.\u00a0Print.<\/h5>\n<\/li>\n<li style=\"text-align: left;\">\n<h5>Riechmann, Jorge.<em>\u00a0<a href=\"https:\/\/tratarde.files.wordpress.com\/2011\/10\/hacia-un-ecologismo-epicc3bareo.pdf\" target=\"_blank\" rel=\"noopener noreferrer\">Biom\u00edmesis. Ensayos sobre imitaci\u00f3n de la naturaleza, ecosocialismo y autocontenci\u00f3n<\/a><\/em>. Madrid: Los Libros de la Catarata, 2006.\u00a0Print.<\/h5>\n<\/li>\n<li style=\"text-align: left;\">\n<h5><abbr title=\"coordinador\">Riechmann, Jorge, coord.<\/abbr>\u00a0<em>Perdurar en un planeta habitable<\/em>. Barcelona: Icaria, 2006.\u00a0Print.<\/h5>\n<\/li>\n<li style=\"text-align: left;\">\n<h5>Riechmann, Jorge, Manfred Linz and Joaquim Sempere. <em>Vivir (bien) con menos<\/em>. Barcelona: Icaria, 2007. Print.<\/h5>\n<\/li>\n<li style=\"text-align: left;\">\n<h5>Riechmann, Jorge, Marta Tafalla, Asunci\u00f3n Herrera, Lynda Birke et al. <em>Razonar y actuar en defensa de los animales<\/em>.\u00a0Madrid: Los libros de la Catarata, 2008. Print.<\/h5>\n<\/li>\n<li style=\"text-align: left;\">\n<h5>Riechmann, Jorge, Ernest Garc\u00eda, Federico Aguilera Klink, Fernando Arribas et al.\u00a0<em>\u00bfEn qu\u00e9 estamos fallando? Cambio social para ecologizar el mundo<\/em>. Barcelona:\u00a0Icaria, 2008. Print.<\/h5>\n<\/li>\n<li style=\"text-align: left;\">\n<h5>Riechmann, Jorge. <a href=\"http:\/\/pendientedemigracion.ucm.es\/info\/teoriasc\/EGOISMO.pdf\" target=\"_blank\" rel=\"noopener noreferrer\"><em>La habitaci\u00f3n de Pascal. Ensayos para fundamentar \u00e9ticas de suficiencia y pol\u00edticas de autocontenci\u00f3n<\/em><\/a>. Madrid: Los libros de la Catarata, Madrid. Print.<\/h5>\n<\/li>\n<li style=\"text-align: left;\">\n<h5>Riechmann, Jorge, Santiago \u00c1lvarez Cantalapiedra, \u00d3scar Carpintero, Federico Aguilera Klink et al. <em>Econom\u00eda ecol\u00f3gica: reflexiones y perspectivas<\/em>. Madrid: C\u00edrculo de Bellas Artes\/ CIP Ecosocial 2009. Print.<\/h5>\n<\/li>\n<li style=\"text-align: left;\">\n<h5>Riechmann, Jorge, Jos\u00e9 Manuel de C\u00f3zar, Paulo Martins et al.\u00a0<em>Nanomundos, multiconflictos<\/em>. Barcelona: Icaria 2009. Print.<\/h5>\n<\/li>\n<li style=\"text-align: left;\">\n<h5>Riechmann, Jorge, Carlos Taibo, Ram\u00f3n Fern\u00e1ndez Dur\u00e1n, Alicia Puleo et al.\u00a0<em>Claves del ecologismo social<\/em>. Madrid:\u00a0Libros en Acci\u00f3n, 2009. Print.<\/h5>\n<\/li>\n<li style=\"text-align: left;\">\n<h5>Riechmann, Jorge. <em>Entre la cantera y el jard\u00edn<\/em>. Torrej\u00f3n de Ardoz: La Oveja Roja, 2010. Print.<\/h5>\n<\/li>\n<li style=\"text-align: left;\">\n<h5>Riechmann, Jorge. <em>\u00bfC\u00f3mo vivir? Acerca de la vida buena<\/em>. Marid: Los libros de la Catarata, 2011. Print.<\/h5>\n<\/li>\n<li style=\"text-align: left;\">\n<h5>Riechmann, Jorge. <a href=\"http:\/\/www.rebelion.org\/docs\/7195.pdf\" target=\"_blank\" rel=\"noopener noreferrer\"><em>Tiempo para la vida. La crisis ecol\u00f3gica en su dimensi\u00f3n temporal<\/em><\/a>. Bogot\u00e1: Taller de Edici\u00f3n Rocca, Bogot\u00e1, 2011. Print.<\/h5>\n<\/li>\n<\/ul>\n<h3 style=\"text-align: left;\">Libros &#8211; Books<\/h3>\n<ul>\n<li>\n<h5>Riechmann, Jorge. \u00ab<a href=\"http:\/\/www.ecologiapolitica.info\/webAntiga\/ep\/34.pdf\" target=\"_blank\" rel=\"noopener noreferrer\">Biomasa y agrocombustibles: veinte tesis<\/a>.\u00bb\u00a0<i>Ecolog\u00eda pol\u00edtica<\/i>\u00a0(2008): 19-26.<\/h5>\n<\/li>\n<li>\n<h5>Riechmann, Jorge.\u00a0<a href=\"http:\/\/tratarde.org\/wp-content\/uploads\/2015\/11\/Jorge-Riechmann-MARX-+-MARSH.pdf\" target=\"_blank\" rel=\"noopener noreferrer\"><i>El socialismo puede llegar s\u00f3lo en bicicleta<\/i><\/a>. Los Libros de la Catarata, 2012. Print.<\/h5>\n<\/li>\n<\/ul>\n<h3 style=\"text-align: left;\">Art\u00edculos &#8211; Articles<\/h3>\n<ul>\n<li style=\"text-align: left;\">\n<h5><a href=\"http:\/\/www.rebelion.org\/mostrar.php?tipo=5&amp;id=Jorge%20Riechmann&amp;inicio=0\" target=\"_blank\" rel=\"noopener noreferrer\">Rebeli\u00f3n<\/a><\/h5>\n<\/li>\n<li style=\"text-align: left;\">\n<h5>from <a href=\"http:\/\/www.eldiario.es\/autores\/jorge_riechmann\/\" target=\"_blank\" rel=\"noopener noreferrer\">eldiario.es<\/a><\/h5>\n<\/li>\n<li style=\"text-align: left;\">\n<h5>from <em><a href=\"http:\/\/elpais.com\/autor\/jorge_riechmann\/a\/\" target=\"_blank\" rel=\"noopener noreferrer\">El Pa\u00eds<\/a><\/em><\/h5>\n<\/li>\n<li style=\"text-align: left;\">\n<h5>\u00ab<a href=\"http:\/\/campus.fca.uncu.edu.ar\/pluginfile.php\/25012\/mod_resource\/content\/0\/Biomimesis.pdf\" target=\"_blank\" rel=\"noopener noreferrer\">Biom\u00edmesis: un concepto esclarecedor, potente y persuasivo para pensar la sustentabilidad<\/a>\u00ab<\/h5>\n<\/li>\n<\/ul>\n<h3 style=\"text-align: left;\">M\u00e1s ensayos &#8211; More Essays<\/h3>\n<ul>\n<li style=\"text-align: left;\">\n<h5>Redondo, Oscar Carpintero, and Jorge Riechmann. \u00ab<a href=\"http:\/\/www.revistaeconomiacritica.org\/sites\/default\/files\/revistas\/n16\/02_Carpintero-Riechmann.pdf\" target=\"_blank\" rel=\"noopener noreferrer\">Pensar la transici\u00f3n: ense\u00f1anzas y estrategias econ\u00f3mico-ecol\u00f3gicas<\/a>.\u00bb\u00a0<i>Revista de econom\u00eda cr\u00edtica<\/i>\u00a016 (2013): 45-107.<\/h5>\n<\/li>\n<li style=\"text-align: left;\">\n<h5>Riechmann, Jorge. \u00ab<a href=\"http:\/\/www.fuhem.org\/media\/ecosocial\/File\/Actualidad\/septiembre\/SOBRE%20SOCIALIDAD%20HUMANA%20sostenibilidad%20y%20autocontencion%20-%20Jorge%20Riechmann.pdf\" target=\"_blank\" rel=\"noopener noreferrer\">VIII. SOBRE SOCIALIDAD HUMANA Y SOSTENIBILIDAD<\/a>.\u00bb\u00a0<i>\u00bf En qu\u00e9 estamos fallando?: Cambio social para ecologizar el mundo<\/i>\u00a0281 (2008): 293.<\/h5>\n<\/li>\n<li style=\"text-align: left;\">\n<h5>Riechmann, Jorge. \u00ab<a href=\"http:\/\/coebioetica.salud-oaxaca.gob.mx\/biblioteca\/libros\/ceboax-0660.pdf\" target=\"_blank\" rel=\"noopener noreferrer\">Un apartheid planetario. Ecolog\u00eda, globalizaci\u00f3n y desigualdad socioecon\u00f3mica<\/a>.\u00bb\u00a0<i>Conferencia inaugural del VI Congreso Vasco de Sociolog\u00eda pronunciada en Bilbao el<\/i>. Vol. 26. 2004.<\/h5>\n<\/li>\n<li style=\"text-align: left;\">\n<div class=\"page\" title=\"Page 2\">\n<div class=\"section\">\n<div class=\"layoutArea\">\n<div class=\"column\">\n<h5>Riechmann, Jorge. \u00ab<a href=\"https:\/\/www.fuhem.es\/media\/ecosocial\/File\/Sostenibilidad\/Debates%20y%20problem\u00e1ticas%20ambientales\/DOSSIER%20CAMBIO%20CLIMATICO_J.RIECHMANN.pdf\" target=\"_blank\" rel=\"noopener noreferrer\">Calentamiento clim\u00e1tico: \u00bfc\u00f3mo se calcula su impacto?<\/a>\u00bb\u00a0<em>Cambio clim\u00e1tico: un reto social inminente<\/em>. 2007.<\/h5>\n<\/div>\n<\/div>\n<\/div>\n<\/div>\n<\/li>\n<li style=\"text-align: left;\">\n<h5><a href=\"http:\/\/www.istas.ccoo.es\/descargas\/c\u00f3mo%20cambiar%20hacia%20sociedades%20sostenibles.pdf\" target=\"_blank\" rel=\"noopener noreferrer\">\u00bfC\u00f3mo cambiar hacia sociedades sostenibles? Reflexiones sobre biom\u00edmesis y autolimitaci\u00f3n<\/a><\/h5>\n<\/li>\n<li style=\"text-align: left;\">\n<h5><a href=\"http:\/\/consellodacultura.gal\/mediateca\/extras\/sentido-JORGE-RIECHMANN.pdf\" target=\"_blank\" rel=\"noopener noreferrer\">Hacia una cultura de la sustentabilidad (valores, cambio cultural y ecosocialismo en el siglo de la gran prueba)<\/a><\/h5>\n<\/li>\n<li style=\"text-align: left;\">\n<h5>Riechmann, Jorge. \u00ab<a href=\"http:\/\/www.ambiente.gov.ar\/infotecaea\/descargas\/riechman01.pdf\" target=\"_blank\" rel=\"noopener noreferrer\">Desarrollo sostenible: la lucha por la interpretaci\u00f3n.<\/a>\u00bb\u00a0<i>RIECHMAN, Jorge [et al.]. De la econom\u00eda a la ecolog\u00eda. Madrid, Espa\u00f1a, Trotta<\/i>\u00a0(1995).\u00a0Web. 29 Dec. 2015.<\/h5>\n<\/li>\n<li style=\"text-align: left;\">\n<h5><a href=\"http:\/\/institucional.us.es\/revistas\/argumentos\/9\/Art1-RIECHMANN.pdf\" target=\"_blank\" rel=\"noopener noreferrer\">Biom\u00edmesis: respuesta a algunas objeciones<\/a><\/h5>\n<\/li>\n<li style=\"text-align: left;\">\n<h5>Riechmann, Jorge. \u00ab<a href=\"http:\/\/e-spacio.uned.es\/fez\/eserv.php?pid=bibliuned:filopoli-2003-21-1117&amp;dsID=pdf\" target=\"_blank\" rel=\"noopener noreferrer\">Tres principios b\u00e1sicos de justicia ambiental.<\/a>\u00bb\u00a0<i>Revista internacional de filosof\u00eda pol\u00edtica<\/i>\u00a021 (2003): 103-120. Web. 29 Dec. 2015.<\/h5>\n<\/li>\n<li style=\"text-align: left;\">\n<h5>Riechmann, Jorge. \u00ab<a href=\"http:\/\/biblioteca.org.ar\/libros\/133065.pdf\" target=\"_blank\" rel=\"noopener noreferrer\">El derrotado duerme en el campo de batalla<\/a>.\u00bb\u00a0<i>\u00cdnsula<\/i>\u00a0565 (1994): 31.Web. 29 Dec. 2015.<\/h5>\n<\/li>\n<li style=\"text-align: left;\">\n<h5>Riechmann, Jorge. \u00ab<a href=\"http:\/\/www.istas.ccoo.es\/descargas\/seg25.pdf\" target=\"_blank\" rel=\"noopener noreferrer\">Agricultura, ganader\u00eda y seguridad alimentaria: la necesidad de un giro hacia sistemas alimentarios sustentables<\/a>.\u00bb\u00a0<i>Palma de Mallorca<\/i>\u00a0(2002).\u00a0Web. 29 Dec. 2015.<\/h5>\n<\/li>\n<li style=\"text-align: left;\">\n<h5>Riechmann, Jorge. \u00ab<a href=\"http:\/\/www.istas.ccoo.es\/descargas\/seg23.pdf\" target=\"_blank\" rel=\"noopener noreferrer\">Hacia un agro\u00e9tica. Consideraciones sobre \u00e9tica ecol\u00f3gica y actividad agropecuaria.<\/a>\u00bb\u00a0<i>\u00c9tica ecol\u00f3gica. Propuestas para una reorientaci\u00f3n, Norman Comunidad, Montevideo<\/i>\u00a0(2004).\u00a0Web. 29 Dec. 2015.<\/h5>\n<\/li>\n<li style=\"text-align: left;\">\n<h5>Riechmann, Jorge. \u00ab<a href=\"http:\/\/www.fuhem.es\/media\/ecosocial\/File\/Analisis\/2011\/frente%20al%20abismo_J.%20RIECHMANN.pdf\" target=\"_blank\" rel=\"noopener noreferrer\">Frente al abismo.<\/a>\u00bb\u00a0<i>Papeles de relaciones ecosociales y cambio global<\/i>\u00a0115 (2011): 27-48. Web. 29 Dec. 2015.<\/h5>\n<\/li>\n<li style=\"text-align: left;\">\n<h5>Riechmann, Jorge. \u00ab<a href=\"http:\/\/www.minetur.gob.es\/Publicaciones\/Publicacionesperiodicas\/EconomiaIndustrial\/RevistaEconomiaIndustrial\/371\/37.pdf\" target=\"_blank\" rel=\"noopener noreferrer\">La crisis energ\u00e9tica: algunas consideraciones pol\u00edticas<\/a>.\u00bb\u00a0<i>Econom\u00eda industrial<\/i>\u00a0371 (2009): 37-48.<\/h5>\n<\/li>\n<\/ul>\n<h3 style=\"text-align: left;\">Leer varios textos\u00a0<a href=\"http:\/\/www.cervantesvirtual.com\/portales\/jorge_riechmann\/su_obra_catalogo\/\" target=\"_blank\" rel=\"noopener noreferrer\">aqu\u00ed<\/a>\u00a0\u00a0&#8211; Read selected texts\u00a0<a href=\"http:\/\/www.cervantesvirtual.com\/portales\/jorge_riechmann\/su_obra_catalogo\/\" target=\"_blank\" rel=\"noopener noreferrer\">here<\/a><\/h3>\n<p style=\"text-align: right;\"><a href=\"https:\/\/21stcenturyartivism.sites.carleton.edu\/en\/essay\/jorge-riechmann\/\">\u2b05\ufe0e Back to Jorge\u00a0Riechmann&#8217;s Biography<\/a><\/p>","protected":false},"excerpt":{"rendered":"<p>Poesia &#8211; Poetry Riechmann, Jorge. C\u00e1ntico de la erosi\u00f3n. Madrid: Hiperi\u00f3n, 1987. Print. Riechmann, Jorge. Cuaderno de Berl\u00edn. Madrid: Hiperi\u00f3n, 1989. Print. Riechmann, Jorge.\u00a0Material m\u00f3vil, precedido de\u00a027 maneras de responder a un golpe. Madrid: Libertarias, 1993. Print. Riechmann, Jorge. El corte bajo la piel. Madrid: Bit\u00e1cora, 1994. Print. Riechmann, Jorge.\u00a0Baila con un extranjero. Madrid: Hiperi\u00f3n, [&hellip;]<\/p>","protected":false},"author":1,"featured_media":0,"parent":0,"menu_order":0,"comment_status":"closed","ping_status":"open","template":"","meta":{"site-container-style":"default","site-container-layout":"default","site-sidebar-layout":"default","disable-article-header":"default","disable-site-header":"default","disable-site-footer":"default","disable-content-area-spacing":"default"},"acf":[],"_links":{"self":[{"href":"https:\/\/21stcenturyartivism.sites.carleton.edu\/en\/wp-json\/wp\/v2\/pages\/1785"}],"collection":[{"href":"https:\/\/21stcenturyartivism.sites.carleton.edu\/en\/wp-json\/wp\/v2\/pages"}],"about":[{"href":"https:\/\/21stcenturyartivism.sites.carleton.edu\/en\/wp-json\/wp\/v2\/types\/page"}],"author":[{"embeddable":true,"href":"https:\/\/21stcenturyartivism.sites.carleton.edu\/en\/wp-json\/wp\/v2\/users\/1"}],"replies":[{"embeddable":true,"href":"https:\/\/21stcenturyartivism.sites.carleton.edu\/en\/wp-json\/wp\/v2\/comments?post=1785"}],"version-history":[{"count":1,"href":"https:\/\/21stcenturyartivism.sites.carleton.edu\/en\/wp-json\/wp\/v2\/pages\/1785\/revisions"}],"predecessor-version":[{"id":8977,"href":"https:\/\/21stcenturyartivism.sites.carleton.edu\/en\/wp-json\/wp\/v2\/pages\/1785\/revisions\/8977"}],"wp:attachment":[{"href":"https:\/\/21stcenturyartivism.sites.carleton.edu\/en\/wp-json\/wp\/v2\/media?parent=1785"}],"curies":[{"name":"wp","href":"https:\/\/api.w.org\/{rel}","templated":true}]}}