{"id":3510,"date":"2015-09-02T14:37:56","date_gmt":"2015-09-02T19:37:56","guid":{"rendered":"https:\/\/21stcenturyartivism.sites.carleton.edu\/?page_id=3510"},"modified":"2023-03-15T18:05:34","modified_gmt":"2023-03-15T18:05:34","slug":"andres-duque-interviews","status":"publish","type":"page","link":"https:\/\/21stcenturyartivism.sites.carleton.edu\/en\/andres-duque-interviews\/","title":{"rendered":"Andr\u00e9s Duque &#8211; interviews"},"content":{"rendered":"<p class=\"yt watch-title-container\" style=\"text-align: center;\"><iframe loading=\"lazy\" src=\"https:\/\/www.youtube.com\/embed\/rZFIJDe3BmM\" width=\"560\" height=\"315\" frameborder=\"0\" allowfullscreen=\"allowfullscreen\"><\/iframe><\/p>\n<p class=\"yt watch-title-container\" style=\"text-align: center;\"><iframe loading=\"lazy\" src=\"https:\/\/www.youtube.com\/embed\/SRO78c6QGCs\" width=\"420\" height=\"315\" frameborder=\"0\" allowfullscreen=\"allowfullscreen\"><\/iframe><\/p>\n<p class=\"yt watch-title-container\" style=\"text-align: center;\"><iframe loading=\"lazy\" src=\"https:\/\/player.vimeo.com\/video\/87262043\" width=\"500\" height=\"281\" frameborder=\"0\" allowfullscreen=\"allowfullscreen\"><\/iframe><\/p>\n<p class=\"yt watch-title-container\" style=\"text-align: center;\"><iframe loading=\"lazy\" src=\"https:\/\/player.vimeo.com\/video\/30067850\" width=\"500\" height=\"281\" frameborder=\"0\" allowfullscreen=\"allowfullscreen\"><\/iframe><\/p>\n<p class=\"yt watch-title-container\" style=\"text-align: center;\"><iframe loading=\"lazy\" src=\"https:\/\/www.youtube.com\/embed\/eK-qpefMG3M\" width=\"560\" height=\"315\" frameborder=\"0\" allowfullscreen=\"allowfullscreen\"><\/iframe><\/p>\n<p class=\"yt watch-title-container\" style=\"text-align: center;\"><iframe loading=\"lazy\" src=\"https:\/\/www.youtube.com\/embed\/azihywpgWC0\" width=\"420\" height=\"315\" frameborder=\"0\" allowfullscreen=\"allowfullscreen\"><\/iframe><\/p>\n<p class=\"yt watch-title-container\" style=\"text-align: center;\"><iframe loading=\"lazy\" src=\"https:\/\/www.youtube.com\/embed\/OQ7m4Q30qGg\" width=\"560\" height=\"315\" frameborder=\"0\" allowfullscreen=\"allowfullscreen\"><\/iframe><strong>\u00a0<\/strong><\/p>\n<p class=\"yt watch-title-container\" style=\"text-align: center;\"><iframe loading=\"lazy\" src=\"https:\/\/player.vimeo.com\/video\/24063173\" width=\"500\" height=\"281\" frameborder=\"0\" allowfullscreen=\"allowfullscreen\"><\/iframe><\/p>\n<p class=\"yt watch-title-container\" style=\"text-align: center;\"><iframe loading=\"lazy\" src=\"https:\/\/archive.org\/embed\/EntrevistaAndrsDuque\" width=\"640\" height=\"480\" frameborder=\"0\" allowfullscreen=\"allowfullscreen\"><\/iframe><\/p>\n<h3 class=\"yt watch-title-container\" style=\"text-align: center;\">M\u00e1s Entrevista &#8211; More Interviews<\/h3>\n<ul>\n<li class=\"yt watch-title-container\" style=\"text-align: left;\">\n<h5><a href=\"https:\/\/addi.ehu.es\/bitstream\/10810\/8329\/8\/Andr\u00e9s%20Duque.pdf\" target=\"_blank\" rel=\"noopener noreferrer\">Sobre Andr\u00e9s Duque<\/a><\/h5>\n<\/li>\n<li class=\"yt watch-title-container\" style=\"text-align: left;\">\n<h5><a href=\"http:\/\/www.dazeddigital.com\/artsandculture\/article\/10338\/1\/andres-duque-s-color-runaway-dog\" target=\"_blank\" rel=\"noopener noreferrer\">Andr\u00e9s Duque\u2019s &#8216;Color Runaway Dog&#8217;<\/a> by\u00a0Carmen Gray (2011)<\/h5>\n<\/li>\n<li class=\"yt watch-title-container\" style=\"text-align: left;\">\n<h5><a href=\"http:\/\/www.elcultural.com\/noticias\/cine\/Andres-Duque-Soy-un-espectador-asiduo-al-YouTube\/1371\" target=\"_blank\" rel=\"noopener noreferrer\">Andr\u00e9s Duque: \u00abSoy un espectador asiduo al YouTube\u00bb<\/a> por\u00a0Carlos Reviriego\u00a0(23\/02\/2011)<\/h5>\n<\/li>\n<li class=\"yt watch-title-container\" style=\"text-align: left;\">\n<h5><a href=\"http:\/\/www.blogsandocs.com\/?p=1032\" target=\"_blank\" rel=\"noopener noreferrer\">Andr\u00e9s Duque. A prop\u00f3sito de Color perro que huye<\/a> por\u00a0Elena Oroz\u00a0(04\/04\/2011)<\/h5>\n<\/li>\n<li class=\"yt watch-title-container\" style=\"text-align: left;\">\n<h5><a href=\"http:\/\/www.acuartaparede.com\/andres-duque\/?lang=es\" target=\"_blank\" rel=\"noopener noreferrer\">Retazos de vida, alquimia y c\u00f3digos binarios:\u00a0una tarde con Andr\u00e9s Duque<\/a> por\u00a0Eloy Dom\u00ednguez Ser\u00e9n\u00a0(15\/02\/2012)<\/h5>\n<\/li>\n<li class=\"yt watch-title-container\" style=\"text-align: left;\">\n<h5><a href=\"http:\/\/laradiodelacasa.com\/entrevista-a-andres-duque\/\" target=\"_blank\" rel=\"noopener noreferrer\">Entrevista por radio<\/a> (abril 2012)<\/h5>\n<\/li>\n<li class=\"yt watch-title-container\" style=\"text-align: left;\">\n<h5><a href=\"http:\/\/www.elmundo.com.ve\/noticias\/estilo-de-vida\/cine\/el-experimento-duque.aspx#ixzz2WSbxElzP\" target=\"_blank\" rel=\"noopener noreferrer\">El experimento Duque<\/a> (14\/06\/2013)<\/h5>\n<\/li>\n<li class=\"yt watch-title-container\" style=\"text-align: left;\">\n<h5 class=\"entry-title\" title=\"Color perro que huye. Coloquio Andr\u00e9s Duque.\"><a href=\"http:\/\/docma.es\/galeria\/color-perro-que-huye-coloquio-con-andres-duque\/\" target=\"_blank\" rel=\"noopener noreferrer\">Color perro que huye. Coloquio Andr\u00e9s Duque<\/a>\u00a0(25\/07\/2013)<\/h5>\n<\/li>\n<li class=\"yt watch-title-container\" style=\"text-align: left;\">\n<h5><a href=\"http:\/\/blogs.mediapart.fr\/edition\/mediapart-en-espanol\/article\/230315\/la-edad-de-las-posibilidades-entrevista-andres-duque\" target=\"_blank\" rel=\"noopener noreferrer\">La edad de las posibilidades, entrevista a Andr\u00e9s Duque<\/a> por\u00a0Paula Orostica\u00a0(23\/03\/2015)<\/h5>\n<\/li>\n<\/ul>\n<p style=\"text-align: right;\"><a href=\"https:\/\/21stcenturyartivism.sites.carleton.edu\/en\/audiovisual-creation\/andres-duque\/\">\u2b05\ufe0e Back to Andr\u00e9s Duque&#8217;s\u00a0Biography<\/a><\/p>","protected":false},"excerpt":{"rendered":"<p>\u00a0 M\u00e1s Entrevista &#8211; More Interviews Sobre Andr\u00e9s Duque Andr\u00e9s Duque\u2019s &#8216;Color Runaway Dog&#8217; by\u00a0Carmen Gray (2011) Andr\u00e9s Duque: \u00abSoy un espectador asiduo al YouTube\u00bb por\u00a0Carlos Reviriego\u00a0(23\/02\/2011) Andr\u00e9s Duque. A prop\u00f3sito de Color perro que huye por\u00a0Elena Oroz\u00a0(04\/04\/2011) Retazos de vida, alquimia y c\u00f3digos binarios:\u00a0una tarde con Andr\u00e9s Duque por\u00a0Eloy Dom\u00ednguez Ser\u00e9n\u00a0(15\/02\/2012) Entrevista por radio [&hellip;]<\/p>","protected":false},"author":1,"featured_media":0,"parent":0,"menu_order":0,"comment_status":"closed","ping_status":"open","template":"","meta":{"site-container-style":"default","site-container-layout":"default","site-sidebar-layout":"default","disable-article-header":"default","disable-site-header":"default","disable-site-footer":"default","disable-content-area-spacing":"default"},"acf":[],"_links":{"self":[{"href":"https:\/\/21stcenturyartivism.sites.carleton.edu\/en\/wp-json\/wp\/v2\/pages\/3510"}],"collection":[{"href":"https:\/\/21stcenturyartivism.sites.carleton.edu\/en\/wp-json\/wp\/v2\/pages"}],"about":[{"href":"https:\/\/21stcenturyartivism.sites.carleton.edu\/en\/wp-json\/wp\/v2\/types\/page"}],"author":[{"embeddable":true,"href":"https:\/\/21stcenturyartivism.sites.carleton.edu\/en\/wp-json\/wp\/v2\/users\/1"}],"replies":[{"embeddable":true,"href":"https:\/\/21stcenturyartivism.sites.carleton.edu\/en\/wp-json\/wp\/v2\/comments?post=3510"}],"version-history":[{"count":1,"href":"https:\/\/21stcenturyartivism.sites.carleton.edu\/en\/wp-json\/wp\/v2\/pages\/3510\/revisions"}],"predecessor-version":[{"id":8603,"href":"https:\/\/21stcenturyartivism.sites.carleton.edu\/en\/wp-json\/wp\/v2\/pages\/3510\/revisions\/8603"}],"wp:attachment":[{"href":"https:\/\/21stcenturyartivism.sites.carleton.edu\/en\/wp-json\/wp\/v2\/media?parent=3510"}],"curies":[{"name":"wp","href":"https:\/\/api.w.org\/{rel}","templated":true}]}}