{"id":5208,"date":"2016-01-21T14:56:39","date_gmt":"2016-01-21T20:56:39","guid":{"rendered":"https:\/\/21stcenturyartivism.sites.carleton.edu\/?page_id=5208"},"modified":"2023-03-15T18:05:34","modified_gmt":"2023-03-15T18:05:34","slug":"cesar-rendueles-interviews","status":"publish","type":"page","link":"https:\/\/21stcenturyartivism.sites.carleton.edu\/en\/cesar-rendueles-interviews\/","title":{"rendered":"C\u00e9sar Rendueles &#8211; Interviews"},"content":{"rendered":"<h3 style=\"text-align: center;\"><iframe loading=\"lazy\" src=\"https:\/\/www.youtube.com\/embed\/ztDk7V5XDiw\" width=\"560\" height=\"315\" frameborder=\"0\" allowfullscreen=\"allowfullscreen\"><\/iframe><\/h3>\n<p style=\"text-align: center;\"><iframe loading=\"lazy\" src=\"https:\/\/www.youtube.com\/embed\/lZKcuomlZuI\" width=\"560\" height=\"315\" frameborder=\"0\" allowfullscreen=\"allowfullscreen\"><\/iframe><\/p>\n<h5 style=\"text-align: center;\">English<\/h5>\n<p style=\"text-align: center;\"><iframe loading=\"lazy\" src=\"https:\/\/www.youtube.com\/embed\/1z2o_Bx7Fgw\" width=\"560\" height=\"315\" frameborder=\"0\" allowfullscreen=\"allowfullscreen\"><\/iframe><\/p>\n<h5 style=\"text-align: center;\">Espa\u00f1ol<\/h5>\n<p style=\"text-align: center;\"><iframe loading=\"lazy\" src=\"https:\/\/www.youtube.com\/embed\/kX-70ePeTow\" width=\"560\" height=\"315\" frameborder=\"0\" allowfullscreen=\"allowfullscreen\"><\/iframe><\/p>\n<p style=\"text-align: center;\"><iframe loading=\"lazy\" src=\"https:\/\/www.youtube.com\/embed\/fWuHlBtAXrk\" width=\"420\" height=\"315\" frameborder=\"0\" allowfullscreen=\"allowfullscreen\"><\/iframe><\/p>\n<p style=\"text-align: center;\"><iframe loading=\"lazy\" src=\"https:\/\/www.youtube.com\/embed\/XiI88bI64Oo\" width=\"560\" height=\"315\" frameborder=\"0\" allowfullscreen=\"allowfullscreen\"><\/iframe><\/p>\n<p style=\"text-align: center;\"><iframe loading=\"lazy\" src=\"https:\/\/player.vimeo.com\/video\/88990265\" width=\"500\" height=\"281\" frameborder=\"0\" allowfullscreen=\"allowfullscreen\"><\/iframe><\/p>\n<p style=\"text-align: center;\"><iframe loading=\"lazy\" src=\"https:\/\/www.youtube.com\/embed\/CNI7KtuOgYs\" width=\"560\" height=\"315\" frameborder=\"0\" allowfullscreen=\"allowfullscreen\"><\/iframe><\/p>\n<p style=\"text-align: center;\"><iframe loading=\"lazy\" src=\"https:\/\/www.youtube.com\/embed\/DSk-Oku38Gk\" width=\"420\" height=\"315\" frameborder=\"0\" allowfullscreen=\"allowfullscreen\"><\/iframe><\/p>\n<p style=\"text-align: center;\"><iframe loading=\"lazy\" src=\"https:\/\/www.youtube.com\/embed\/J6cZToxH-cE\" width=\"560\" height=\"315\" frameborder=\"0\" allowfullscreen=\"allowfullscreen\"><\/iframe><\/p>\n<p style=\"text-align: center;\"><iframe loading=\"lazy\" src=\"https:\/\/www.youtube.com\/embed\/qjp4iy4SQD0\" width=\"560\" height=\"315\" frameborder=\"0\" allowfullscreen=\"allowfullscreen\"><\/iframe><\/p>\n<p style=\"text-align: center;\"><iframe loading=\"lazy\" src=\"https:\/\/www.youtube.com\/embed\/85n2ou-jZ-Q\" width=\"560\" height=\"315\" frameborder=\"0\" allowfullscreen=\"allowfullscreen\"><\/iframe><\/p>\n<p style=\"text-align: center;\"><iframe loading=\"lazy\" src=\"https:\/\/www.youtube.com\/embed\/hm-hyfTpEx0\" width=\"420\" height=\"315\" frameborder=\"0\" allowfullscreen=\"allowfullscreen\"><\/iframe><\/p>\n<p style=\"text-align: center;\"><iframe loading=\"lazy\" src=\"https:\/\/www.youtube.com\/embed\/_FT-PV2SYww\" width=\"560\" height=\"315\" frameborder=\"0\" allowfullscreen=\"allowfullscreen\"><\/iframe><\/p>\n<p style=\"text-align: center;\"><iframe loading=\"lazy\" src=\"https:\/\/www.youtube.com\/embed\/PyIi9XbX5VA\" width=\"560\" height=\"315\" frameborder=\"0\" allowfullscreen=\"allowfullscreen\"><\/iframe><\/p>\n<p style=\"text-align: center;\"><iframe loading=\"lazy\" src=\"https:\/\/www.youtube.com\/embed\/MaFSA84mDFU\" width=\"560\" height=\"315\" frameborder=\"0\" allowfullscreen=\"allowfullscreen\"><\/iframe><\/p>\n<p style=\"text-align: center;\"><iframe loading=\"lazy\" src=\"https:\/\/www.youtube.com\/embed\/LIGFSUsyRPk\" width=\"420\" height=\"315\" frameborder=\"0\" allowfullscreen=\"allowfullscreen\"><\/iframe><\/p>\n<p style=\"text-align: center;\"><iframe loading=\"lazy\" src=\"https:\/\/www.youtube.com\/embed\/zpIH3wun5V4\" width=\"420\" height=\"315\" frameborder=\"0\" allowfullscreen=\"allowfullscreen\"><\/iframe><\/p>\n<p style=\"text-align: center;\"><iframe loading=\"lazy\" src=\"https:\/\/www.youtube.com\/embed\/tlAM5e4Tisg\" width=\"560\" height=\"315\" frameborder=\"0\" allowfullscreen=\"allowfullscreen\"><\/iframe><\/p>\n<p style=\"text-align: center;\"><iframe loading=\"lazy\" src=\"https:\/\/player.vimeo.com\/video\/106440759?color=6f706b&amp;title=0&amp;portrait=0\" width=\"500\" height=\"281\" frameborder=\"0\" allowfullscreen=\"allowfullscreen\"><\/iframe><\/p>\n<h5 style=\"text-align: center;\">Parte 1<\/h5>\n<p style=\"text-align: center;\"><iframe loading=\"lazy\" src=\"https:\/\/www.youtube.com\/embed\/XRsf0xZOQeo\" width=\"560\" height=\"315\" frameborder=\"0\" allowfullscreen=\"allowfullscreen\"><\/iframe><\/p>\n<h5 style=\"text-align: center;\">Parte 2<\/h5>\n<p style=\"text-align: center;\"><iframe loading=\"lazy\" src=\"https:\/\/www.youtube.com\/embed\/W-uB89aDscE\" width=\"560\" height=\"315\" frameborder=\"0\" allowfullscreen=\"allowfullscreen\"><\/iframe><\/p>\n<p style=\"text-align: center;\"><iframe loading=\"lazy\" src=\"https:\/\/player.vimeo.com\/video\/76858461\" width=\"500\" height=\"275\" frameborder=\"0\" allowfullscreen=\"allowfullscreen\"><\/iframe><\/p>\n<h3 style=\"text-align: center;\">M\u00e1s Entrevistas &#8211; More Interviews<\/h3>\n<ul>\n<li>\n<h5><a href=\"http:\/\/www.jornadesbreyting.com\/2015\/03\/entrevista-a-cesar-rendueles\/\" target=\"_blank\" rel=\"noopener noreferrer\">C\u00e9sar Rendueles: \u00abno nos vemos como parte del precariado sino como nodos sofisticados de una tupida red global\u00bb<\/a><\/h5>\n<\/li>\n<li>\n<h5 class=\"pg-headline\"><a href=\"http:\/\/www.eldiario.es\/cultura\/industria-editorial-ocurrir-discografica-Internet_0_174633163.html\" target=\"_blank\" rel=\"noopener noreferrer\">C\u00e9sar Rendueles: \u00abA la industria editorial le va a ocurrir lo mismo que a la discogr\u00e1fica con Internet\u201d<\/a>\u00a0(16\/09\/2013)<\/h5>\n<\/li>\n<li>\n<div class=\"art_antetitulo\">\n<h5 class=\"entrevistado\"><a href=\"https:\/\/www.diagonalperiodico.net\/culturas\/20160-da-igual-si-asalto-al-palacio-invierno-pilla-durmiendo-la-siesta-interesa-mucho-mas\" target=\"_blank\" rel=\"noopener noreferrer\">C\u00e9sar Rendueles:\u00a0\u201cMe da igual si el asalto al Palacio de Invierno me pilla durmiendo la siesta; me interesa mucho m\u00e1s el d\u00eda despu\u00e9s\u201d<\/a> por\u00a0Irene G. Rubio\u00a0(16\/10\/2013)<\/h5>\n<\/div>\n<\/li>\n<li>\n<h5 class=\"posts_title\"><a href=\"http:\/\/blogs.culturamas.es\/anamarch\/2014\/02\/07\/entrevista-a-cesar-rendueles-por-sociofobia\/\" target=\"_blank\" rel=\"noopener noreferrer\">Entrevista a C\u00e9sar Rendueles por \u2018Sociofobia\u2019<\/a> por Ana March\u00a0(07\/02\/2014)<\/h5>\n<\/li>\n<li>\n<h5 class=\"entry-title\"><a href=\"http:\/\/ined21.com\/entrevista-a-cesar-rendueles\/\" target=\"_blank\" rel=\"noopener noreferrer\">Entrevista a C\u00e9sar Rendueles<\/a> por\u00a0Jos\u00e9 Luis Coronado\u00a0(15\/06\/2015)<\/h5>\n<\/li>\n<li>\n<h5 class=\"tituloNoticia\"><a href=\"http:\/\/vozpopuli.com\/ocio-y-cultura\/68271-cesar-rendueles-somos-capaces-de-imaginar-el-fin-del-mundo-pero-no-el-fin-del-capitalismo\" target=\"_blank\" rel=\"noopener noreferrer\">C\u00e9sar Rendueles: \u00abSomos capaces de imaginar el fin del mundo, pero no el fin del capitalismo\u00bb<\/a>\u00a0(16\/09\/2015)<\/h5>\n<\/li>\n<li>\n<h5 class=\"pg-headline\"><a href=\"http:\/\/www.eldiario.es\/cultura\/Rendueles-Ensayo-Capitalismo_Canalla_0_431507272.html\" target=\"_blank\" rel=\"noopener noreferrer\">&#8216;Capitalismo Canalla&#8217;: una historia de terror para todos los p\u00fablicos de c\u00f3mo el capitalismo se nos meti\u00f3 dentro<\/a> por Silvia Nanclares (20\/09\/2015)<\/h5>\n<\/li>\n<li>\n<h5 class=\"brr ft-xxb\"><a href=\"http:\/\/www.infolibre.es\/noticias\/cultura\/2015\/09\/18\/cesar_rendueles_hemos_menospreciado_agresividad_del_capitalismo_europeo_37866_1026.html\" target=\"_blank\" rel=\"noopener noreferrer\">C\u00e9sar Rendueles: \u201cHemos menospreciado la agresividad del capitalismo europeo\u201d<\/a> por\u00a0Saila Marcos\u00a0(21\/09\/2015)<\/h5>\n<\/li>\n<li>\n<h5 class=\"brr ft-xxb\"><a href=\"http:\/\/www.todoliteratura.es\/noticia\/9034\/entrevistas\/entrevista-a-cesar-rendueles-autor-de-capitalismo-canalla.html\" target=\"_blank\" rel=\"noopener noreferrer\">Entrevista a C\u00e9sar Rendueles, autor de \u201cCapitalismo canalla\u201d:\u00a0<\/a><a href=\"http:\/\/www.todoliteratura.es\/noticia\/9034\/entrevistas\/entrevista-a-cesar-rendueles-autor-de-capitalismo-canalla.html\" target=\"_blank\" rel=\"noopener noreferrer\">\u201cNo disponemos de una alternativa pol\u00edtica beneficiosa que mucha gente considere factible y deseable\u201d<\/a>\u00a0por\u00a0<span class=\"nombre_firmante\">Felipe\u00a0<\/span><span class=\"nombre_firmante\">Velasco\u00a0<\/span>(26\/09\/2015)<\/h5>\n<\/li>\n<li>\n<h5 class=\"titulo\"><a href=\"http:\/\/www.elperiodico.com\/es\/noticias\/politica\/cesar-rendueles-pablo-iglesias-incomoda-culto-personalidad-4635038\" target=\"_blank\" rel=\"noopener noreferrer\">C\u00e9sar Rendueles: \u00abA Pablo Iglesias le incomoda el culto a la personalidad\u00bb<\/a> por\u00a0N\u00faria Navarro\u00a0(01\/11\/2015)<\/h5>\n<\/li>\n<li>\n<h5><a href=\"http:\/\/riuma.uma.es\/xmlui\/handle\/10630\/10979\" target=\"_blank\" rel=\"noopener noreferrer\">Entrevista a C\u00e9sar Rendueles<\/a> por Cristina Consuegra (2016)<\/h5>\n<\/li>\n<li>\n<h5><a href=\"http:\/\/capitanswing.com\/prensa\/entrevista-a-cesar-rendueles-intelectual-marxista-autor-de-sociofobia-y-capitalismo-canalla\/\" target=\"_blank\" rel=\"noopener noreferrer\">Entrevista a C\u00e9sar Rendueles. Intelectual marxista. Autor de \u2018Sociofobia\u2019 y \u2018Capitalismo canalla\u2019<\/a>\u00a0(10\/01\/2016)<\/h5>\n<\/li>\n<\/ul>\n<p style=\"text-align: right;\"><a href=\"https:\/\/21stcenturyartivism.sites.carleton.edu\/en\/essay\/cesar-rendueles\/\">\u2b05\ufe0e Back to C\u00e9sar Rendueles&#8217;\u00a0Biography<\/a><\/p>","protected":false},"excerpt":{"rendered":"<p>English Espa\u00f1ol Parte 1 Parte 2 M\u00e1s Entrevistas &#8211; More Interviews C\u00e9sar Rendueles: \u00abno nos vemos como parte del precariado sino como nodos sofisticados de una tupida red global\u00bb C\u00e9sar Rendueles: \u00abA la industria editorial le va a ocurrir lo mismo que a la discogr\u00e1fica con Internet\u201d\u00a0(16\/09\/2013) C\u00e9sar Rendueles:\u00a0\u201cMe da igual si el asalto al [&hellip;]<\/p>","protected":false},"author":1,"featured_media":0,"parent":0,"menu_order":0,"comment_status":"closed","ping_status":"closed","template":"","meta":{"site-container-style":"default","site-container-layout":"default","site-sidebar-layout":"default","disable-article-header":"default","disable-site-header":"default","disable-site-footer":"default","disable-content-area-spacing":"default"},"acf":[],"_links":{"self":[{"href":"https:\/\/21stcenturyartivism.sites.carleton.edu\/en\/wp-json\/wp\/v2\/pages\/5208"}],"collection":[{"href":"https:\/\/21stcenturyartivism.sites.carleton.edu\/en\/wp-json\/wp\/v2\/pages"}],"about":[{"href":"https:\/\/21stcenturyartivism.sites.carleton.edu\/en\/wp-json\/wp\/v2\/types\/page"}],"author":[{"embeddable":true,"href":"https:\/\/21stcenturyartivism.sites.carleton.edu\/en\/wp-json\/wp\/v2\/users\/1"}],"replies":[{"embeddable":true,"href":"https:\/\/21stcenturyartivism.sites.carleton.edu\/en\/wp-json\/wp\/v2\/comments?post=5208"}],"version-history":[{"count":1,"href":"https:\/\/21stcenturyartivism.sites.carleton.edu\/en\/wp-json\/wp\/v2\/pages\/5208\/revisions"}],"predecessor-version":[{"id":8704,"href":"https:\/\/21stcenturyartivism.sites.carleton.edu\/en\/wp-json\/wp\/v2\/pages\/5208\/revisions\/8704"}],"wp:attachment":[{"href":"https:\/\/21stcenturyartivism.sites.carleton.edu\/en\/wp-json\/wp\/v2\/media?parent=5208"}],"curies":[{"name":"wp","href":"https:\/\/api.w.org\/{rel}","templated":true}]}}