{"id":597,"date":"2015-01-19T21:40:36","date_gmt":"2015-01-20T03:40:36","guid":{"rendered":"https:\/\/21stcenturyartivism.sites.carleton.edu\/?page_id=597"},"modified":"2023-03-15T18:05:36","modified_gmt":"2023-03-15T18:05:36","slug":"jonas-trueba-bibliography","status":"publish","type":"page","link":"https:\/\/21stcenturyartivism.sites.carleton.edu\/en\/jonas-trueba-bibliography\/","title":{"rendered":"Jon\u00e1s Trueba &#8211; Bibliography"},"content":{"rendered":"<h3><em>Los ilusos<\/em><\/h3>\n<ul>\n<li><a href=\"http:\/\/www.cinevistablog.com\/resena-los-ilusos-whisful-thinkers-de-jonas-trueba-festival-de-cine-de-marruecos\/\" target=\"_blank\" rel=\"noopener noreferrer\">rese\u00f1a de\u00a0Juan Guillermo Andrade Eraso<\/a><\/li>\n<li><a href=\"http:\/\/www.hollywoodreporter.com\/review\/wishful-thinkers-los-ilusos-london-649468\" target=\"_blank\" rel=\"noopener noreferrer\">review\u00a0by Jonathan Holland<\/a><\/li>\n<li><a href=\"http:\/\/www.cinemaldito.com\/los-ilusos-jonas-trueba\/\" target=\"_blank\" rel=\"noopener noreferrer\">rese\u00f1a de\u00a0F. J. Guerrero<\/a><\/li>\n<li><a href=\"http:\/\/miradas.net\/2013\/05\/actualidad\/criticas\/los-ilusos.html\" target=\"_blank\" rel=\"noopener noreferrer\">rese\u00f1a de\u00a0Josefa Paredes<\/a><\/li>\n<li><a href=\"http:\/\/textosred.blogspot.com\/2013\/07\/nuestro-cinema-un-soplo-en-el-corazon.html\" target=\"_blank\" rel=\"noopener noreferrer\">un texto de Adri\u00e1n Tom\u00e1s Samit<\/a><\/li>\n<\/ul>\n<h3><em>Las ilusiones<\/em><\/h3>\n<ul>\n<li><a href=\"http:\/\/www.devaneos.com\/literatura\/las-ilusiones-jonas-trueba-2013\/\" target=\"_blank\" rel=\"noopener noreferrer\">rese\u00f1a<\/a><\/li>\n<\/ul>\n<h3><em>Todas las canciones hablan de m\u00ed<\/em><\/h3>\n<ul>\n<li><a href=\"http:\/\/www.madrimasd.org\/blogs\/imagen_cine_comunicacion_audiovisual\/2013\/05\/17\/126254\" target=\"_blank\" rel=\"noopener noreferrer\">rese\u00f1a de\u00a0Malco Fern\u00e1ndez Horton<\/a><\/li>\n<li><a href=\"http:\/\/www.escritoresdeasturias.es\/literarias\/numeros-anteriores\/ano-2011\/marzo-numero-26\/todas-las-canciones-hablan-de-mi-de-jonas-trueba-por-celia-ferron-paramio-30032011-.html\" target=\"_blank\" rel=\"noopener noreferrer\">rese\u00f1a de\u00a0Celia Ferr\u00f3n Paramio<\/a><\/li>\n<\/ul>\n<h3>Other<\/h3>\n<ul>\n<li><a href=\"http:\/\/elpais.com\/tag\/jonas_trueba\/a\/\" target=\"_blank\" rel=\"noopener noreferrer\">art\u00edculos en elpais.com sobre Jon\u00e1s Trueba<\/a><\/li>\n<li>\u00ab<a href=\"http:\/\/revistadeletras.net\/una-tarde-de-cinematograficas-y-literarias-ilusiones-con-jonas-trueba\/\">Una tarde de cinematogr\u00e1ficas y literarias\u00a0ilusiones con Jon\u00e1s Trueba<\/a>\u00bb\u00a0por Anna Maria Iglesia (11\/06\/2013)<\/li>\n<\/ul>\n<div>\n<div>\n<div><\/div>\n<div style=\"text-align: right;\"><a href=\"https:\/\/21stcenturyartivism.sites.carleton.edu\/en\/audiovisual-creation\/jonas-trueba\/\">\u2b05\ufe0e Back to Jon\u00e1s Trueba&#8217;s\u00a0Biography<\/a><\/div>\n<\/div>\n<\/div>","protected":false},"excerpt":{"rendered":"<p>Los ilusos rese\u00f1a de\u00a0Juan Guillermo Andrade Eraso review\u00a0by Jonathan Holland rese\u00f1a de\u00a0F. J. Guerrero rese\u00f1a de\u00a0Josefa Paredes un texto de Adri\u00e1n Tom\u00e1s Samit Las ilusiones rese\u00f1a Todas las canciones hablan de m\u00ed rese\u00f1a de\u00a0Malco Fern\u00e1ndez Horton rese\u00f1a de\u00a0Celia Ferr\u00f3n Paramio Other art\u00edculos en elpais.com sobre Jon\u00e1s Trueba \u00abUna tarde de cinematogr\u00e1ficas y literarias\u00a0ilusiones con Jon\u00e1s [&hellip;]<\/p>","protected":false},"author":1,"featured_media":0,"parent":0,"menu_order":0,"comment_status":"closed","ping_status":"open","template":"","meta":{"site-container-style":"default","site-container-layout":"default","site-sidebar-layout":"default","disable-article-header":"default","disable-site-header":"default","disable-site-footer":"default","disable-content-area-spacing":"default"},"acf":[],"_links":{"self":[{"href":"https:\/\/21stcenturyartivism.sites.carleton.edu\/en\/wp-json\/wp\/v2\/pages\/597"}],"collection":[{"href":"https:\/\/21stcenturyartivism.sites.carleton.edu\/en\/wp-json\/wp\/v2\/pages"}],"about":[{"href":"https:\/\/21stcenturyartivism.sites.carleton.edu\/en\/wp-json\/wp\/v2\/types\/page"}],"author":[{"embeddable":true,"href":"https:\/\/21stcenturyartivism.sites.carleton.edu\/en\/wp-json\/wp\/v2\/users\/1"}],"replies":[{"embeddable":true,"href":"https:\/\/21stcenturyartivism.sites.carleton.edu\/en\/wp-json\/wp\/v2\/comments?post=597"}],"version-history":[{"count":2,"href":"https:\/\/21stcenturyartivism.sites.carleton.edu\/en\/wp-json\/wp\/v2\/pages\/597\/revisions"}],"predecessor-version":[{"id":8971,"href":"https:\/\/21stcenturyartivism.sites.carleton.edu\/en\/wp-json\/wp\/v2\/pages\/597\/revisions\/8971"}],"wp:attachment":[{"href":"https:\/\/21stcenturyartivism.sites.carleton.edu\/en\/wp-json\/wp\/v2\/media?parent=597"}],"curies":[{"name":"wp","href":"https:\/\/api.w.org\/{rel}","templated":true}]}}